{"id":25,"date":"2013-03-16T00:00:01","date_gmt":"2013-03-15T23:00:01","guid":{"rendered":"http:\/\/koeb-stephanus.stludger-selm.de\/?page_id=25"},"modified":"2020-02-11T09:31:50","modified_gmt":"2020-02-11T07:31:50","slug":"benutzerordnung","status":"publish","type":"page","link":"https:\/\/koeb-stephanus.stludger-selm.de\/?page_id=25","title":{"rendered":"Benutzerordnung"},"content":{"rendered":"<h2>Benutzungsordnung<\/h2>\n<p>der Katholischen \u00d6ffentlichen B\u00fccherei<br \/>\nSt. Stephanus<br \/>\nWeiherstr. 7<br \/>\n59379 Selm-Bork<\/p>\n<p><strong>\u00a7 1\u00a0\u00a0\u00a0\u00a0\u00a0\u00a0 Allgemeines<\/strong><\/p>\n<ol>\n<li>Jeder ist berechtigt, die B\u00fccherei im Rahmen dieser Benutzungsordnung auf \u00f6ffentlich-rechtlicher Grundlage zu nutzen.<\/li>\n<li>Entgelte f\u00fcr die Medienausleihe, f\u00fcr besondere<\/li>\n<li>Die B\u00fccherei ist eine \u00f6ffentliche Einrichtung der Kirchengemeinde. Sie hat die Aufgabe, B\u00fccher und andere Medien zu Zwecken der Information und Bildung, zur Unterhaltung und Freizeitgestaltung bereitzustellen.<\/li>\n<li>Leistungen sowie Vers\u00e4umnisgeb\u00fchren und Auslagenersatz werden nach der zu dieser Benutzungsordnung geh\u00f6renden Geb\u00fchrenordnung in der jeweils g\u00fcltigen Fassung erhoben.<\/li>\n<\/ol>\n<p><strong> \u00a7 2\u00a0\u00a0\u00a0\u00a0\u00a0\u00a0 \u00d6ffnungszeiten<\/strong><\/p>\n<ol>\n<li>Die \u00d6ffnungszeiten werden durch Aushang bekannt gegeben.<\/li>\n<\/ol>\n<p><strong>\u00a7 3\u00a0\u00a0\u00a0\u00a0\u00a0\u00a0 Anmeldung<\/strong><\/p>\n<ol>\n<li>Erwachsene melden sich pers\u00f6nlich und nach Bedarf unter Vorlage eines g\u00fcltigen Personalausweises an und erhalten einen Benutzerausweis. Der Benutzer\/die Benutzerin best\u00e4tigt mit seiner\/ihrer Unterschrift, die Benutzungsordnung zur Kenntnis genommen zu haben.<\/li>\n<li>Bei der Anmeldung von Kindern bis 15 Jahren ist die Unterschrift eines gesetzlichen Vertreters\/einer gesetzlichen Vertreterin vorzulegen. Der gesetzliche Vertreter\/die gesetzliche Vertreterin verpflichtet sich damit zur Haftung f\u00fcr den Schadensfall und zur Begleichung anfallender Entgelte und Geb\u00fchren.<\/li>\n<li>Der Benutzer\/die Benutzerin ist verpflichtet, der B\u00fccherei \u00c4nderungen des Namens oder der Anschrift unverz\u00fcglich mitzuteilen.<\/li>\n<li>Die Angaben zur Person werden unter Beachtung der geltenden gesetzlichen Datenschutzbestimmungen elektronisch gespeichert. Der Benutzer\/die Benutzerin best\u00e4tigt per Unterschrift, die Benutzungsordnung zur Kenntnis genommen zu haben und gibt die Zustimmung zur elektronischen Speicherung der Angaben zur. Person.<\/li>\n<\/ol>\n<p><strong> \u00a7 4\u00a0\u00a0\u00a0\u00a0\u00a0 Benutzerausweis<\/strong><\/p>\n<ol>\n<li>Die Ausleihe von Medien ist nur mit einem g\u00fcltigen Benutzerausweis zul\u00e4ssig.<\/li>\n<li>Der Benutzerausweis ist nicht \u00fcbertragbar und bleibt Eigentum der B\u00fccherei. Sein Verlust ist der B\u00fccherei anzuzeigen. F\u00fcr Schaden, der durch Missbrauch des Benutzerausweises entsteht, haften die eingetragenen Benutzer\/Innen bzw. die gesetzlichen Vertretungen.<\/li>\n<\/ol>\n<p><strong> \u00a7 5\u00a0\u00a0\u00a0\u00a0\u00a0\u00a0 Benutzung, Ausleihe, Leihfrist<\/strong><\/p>\n<ol>\n<li>Die angebotenen Medien k\u00f6nnen in der B\u00fccherei und durch Ausleihe au\u00dfer Haus genutzt werden. Bei der Nutzung von Medien sind die gesetzlichen Bestimmungen des Urheberrechts zu beachten. Bei Verletzung des Urheberrechts haftet der Benutzer\/die Benutzerin. Ebenso gelten die gesetzlichen Bestimmungen des JuSchG!<\/li>\n<li>E-Medien k\u00f6nnen nur vom Leser selbst \u00fcber die Internetseite <a href=\"http:\/\/www.libell-e.de\">www.libell-e.de<\/a> ausgeliehen werden.<\/li>\n<li>Die Leihfristen werden in der anliegenden Leih- und Geb\u00fchrenordnung bekannt gegeben. Die Leihfristen f\u00fcr digitale Medien finden sich in der Benutzungsordnung unter <a href=\"http:\/\/www.libell-e.de\">www.libell-e.de<\/a><\/li>\n<li>Die Leihfristen k\u00f6nnen vor ihrem Ablauf verl\u00e4ngert werden, wenn keine Vormerkung vorliegt. Eine Verl\u00e4ngerung ist zweimal m\u00f6glich und kann auch \u00fcber den WEBOPAC erfolgen. Eine Verl\u00e4ngerung bereits gemahnter Medien ist nicht m\u00f6glich.<\/li>\n<li>Bei Nutzung der Onleihe wird hierf\u00fcr zus\u00e4tzlich die Benutzungsordnung unter <a href=\"http:\/\/www.libell-e.de\">www.libell-e.de<\/a> anerkannt.<\/li>\n<\/ol>\n<p><strong> \u00a7 6\u00a0\u00a0\u00a0\u00a0\u00a0 Ausleihbeschr\u00e4nkungen<\/strong><\/p>\n<ol>\n<li>Medien, die zum Informationsbestand geh\u00f6ren oder aus anderen Gr\u00fcnden nur in der B\u00fccherei benutzt werden sollen, k\u00f6nnen dauernd oder vor\u00fcbergehend von der Ausleihe ausgeschlossen werden.<\/li>\n<li>Die Anzahl entleihbarer Medien kann von der B\u00fccherei begrenzt werden.<\/li>\n<\/ol>\n<p><strong> \u00a7 7\u00a0\u00a0\u00a0\u00a0\u00a0\u00a0 Vormerkung<\/strong><\/p>\n<ol>\n<li>F\u00fcr ausgeliehene Medien kann die B\u00fccherei auf Wunsch des Benutzers\/der Benutzerin eine Vormerkung entgegennehmen.<\/li>\n<li>E-Medien k\u00f6nnen nur vom Leser selbst \u00fcber die Internetseite <a href=\"http:\/\/www.libell-e.de\">www.libell-e.de<\/a> vorgemerkt werden.<\/li>\n<\/ol>\n<p><strong> \u00a7 8\u00a0\u00a0\u00a0\u00a0\u00a0\u00a0 R\u00fcckgabe<\/strong><\/p>\n<ol>\n<li>Die Medien sind vor Ablauf der Leihfrist und w\u00e4hrend der \u00d6ffnungszeiten in der B\u00fccherei zur\u00fcckzugeben.<\/li>\n<li>Bei \u00dcberschreitung der Leihfrist ist eine Vers\u00e4umnisgeb\u00fchr gem\u00e4\u00df der derzeit g\u00fcltigen Geb\u00fchrenordnung zu entrichten, unabh\u00e4ngig davon, ob eine schriftliche Mahnung erfolgte. Bei schriftlicher Mahnung ist zus\u00e4tzlich ein Auslagenersatz zu entrichten.<\/li>\n<li>Mahngeb\u00fchren und sonstige Forderungen werden ggf. auf dem Rechtswege eingezogen.<\/li>\n<\/ol>\n<p><strong> \u00a7 9\u00a0\u00a0\u00a0\u00a0\u00a0\u00a0 Behandlung der Medien, Haftung<\/strong><\/p>\n<ol>\n<li>Die Medien sind sorgf\u00e4ltig zu behandeln. F\u00fcr Besch\u00e4digungen und Verlust ist der Benutzer\/die Benutzerin schadenersatzpflichtig.<\/li>\n<li>Vor jeder Ausleihe sind die Medien vom Benutzer\/der Benutzerin auf offensichtliche M\u00e4ngel zu \u00fcberpr\u00fcfen.<\/li>\n<li>Verlust oder Besch\u00e4digung der Medien sind der B\u00fccherei unverz\u00fcglich anzuzeigen. Es ist untersagt, Besch\u00e4digungen selbst zu beheben oder beheben zu lassen.<\/li>\n<li>Eine Weitergabe des Benutzerausweises oder ausgeliehener Medien an Dritte ist nicht statthaft. Der Benutzer\/die Benutzerin haftet auch f\u00fcr Sch\u00e4den, die durch unzul\u00e4ssige Weitergabe von Medien bzw. des Benutzerausweises an Dritte entstehen.<\/li>\n<\/ol>\n<p><strong> \u00a7 10\u00a0\u00a0\u00a0\u00a0 Schadenersatz<\/strong><\/p>\n<ol>\n<li>Die Art und H\u00f6he der Ersatzleistung bestimmt die B\u00fccherei. Der Schadenersatz bemisst sich bei Besch\u00e4digung nach den Kosten der Wiederherstellung, bei Verlust nach dem Wiederbeschaffungswert.<\/li>\n<\/ol>\n<p><strong> \u00a7 11\u00a0\u00a0\u00a0 Verhalten in der B\u00fccherei, Hausrecht<\/strong><\/p>\n<ol>\n<li>Mit Betreten der B\u00fccherei erkennt der Benutzer\/die Benutzerin die Benutzungsordnung an.<\/li>\n<li>Jeder Benutzer\/jede Benutzerin hat sich so zu verhalten, dass anderer nicht gest\u00f6rt oder in der Benutzung der B\u00fccherei beeintr\u00e4chtigt werden.<\/li>\n<li>F\u00fcr verloren gegangene, besch\u00e4digte oder gestohlene Gegenst\u00e4nde\/Garderobe der Benutzer \u00fcbernimmt die B\u00fccherei keine Haftung.<\/li>\n<li>Das Hausrecht nimmt der\/die Leiter\/in der B\u00fccherei oder der\/die mit seiner Aus\u00fcbung beauftragte Mitarbeiter\/in wahr. Den Anweisungen ist Folge zu leisten.<\/li>\n<\/ol>\n<p><strong> \u00a7 12\u00a0\u00a0\u00a0 Ausschluss von der Benutzung<\/strong><\/p>\n<ol>\n<li>Benutzer und Benutzerinnen, die gegen die Benutzungsordnung schwerwiegend oder wiederholt versto\u00dfen, k\u00f6nnen dauernd oder f\u00fcr eine begrenzte Zeit von der Benutzung der B\u00fccherei ausgeschlossen werden.<\/li>\n<\/ol>\n<p><strong> \u00a7 13\u00a0\u00a0\u00a0 Inkrafttreten<\/strong><\/p>\n<ol>\n<li>Die Benutzungsordnung tritt mit Wirkung vom 18.08.2016 in Kraft. Gleichzeitig wird die bisher g\u00fcltige Benutzungsordnung au\u00dfer Kraft gesetzt.<\/li>\n<\/ol>\n<p>&nbsp;<\/p>\n","protected":false},"excerpt":{"rendered":"<p>Benutzungsordnung der Katholischen \u00d6ffentlichen B\u00fccherei St. Stephanus Weiherstr. 7 59379 Selm-Bork \u00a7 1\u00a0\u00a0\u00a0\u00a0\u00a0\u00a0 Allgemeines Jeder ist berechtigt, die B\u00fccherei im Rahmen dieser Benutzungsordnung auf \u00f6ffentlich-rechtlicher Grundlage zu nutzen. Entgelte f\u00fcr die Medienausleihe, f\u00fcr besondere Die<\/p>\n","protected":false},"author":1,"featured_media":0,"parent":101,"menu_order":1,"comment_status":"closed","ping_status":"closed","template":"","meta":{"footnotes":""},"class_list":["post-25","page","type-page","status-publish","hentry"],"_links":{"self":[{"href":"https:\/\/koeb-stephanus.stludger-selm.de\/index.php?rest_route=\/wp\/v2\/pages\/25","targetHints":{"allow":["GET"]}}],"collection":[{"href":"https:\/\/koeb-stephanus.stludger-selm.de\/index.php?rest_route=\/wp\/v2\/pages"}],"about":[{"href":"https:\/\/koeb-stephanus.stludger-selm.de\/index.php?rest_route=\/wp\/v2\/types\/page"}],"author":[{"embeddable":true,"href":"https:\/\/koeb-stephanus.stludger-selm.de\/index.php?rest_route=\/wp\/v2\/users\/1"}],"replies":[{"embeddable":true,"href":"https:\/\/koeb-stephanus.stludger-selm.de\/index.php?rest_route=%2Fwp%2Fv2%2Fcomments&post=25"}],"version-history":[{"count":2,"href":"https:\/\/koeb-stephanus.stludger-selm.de\/index.php?rest_route=\/wp\/v2\/pages\/25\/revisions"}],"predecessor-version":[{"id":1064,"href":"https:\/\/koeb-stephanus.stludger-selm.de\/index.php?rest_route=\/wp\/v2\/pages\/25\/revisions\/1064"}],"up":[{"embeddable":true,"href":"https:\/\/koeb-stephanus.stludger-selm.de\/index.php?rest_route=\/wp\/v2\/pages\/101"}],"wp:attachment":[{"href":"https:\/\/koeb-stephanus.stludger-selm.de\/index.php?rest_route=%2Fwp%2Fv2%2Fmedia&parent=25"}],"curies":[{"name":"wp","href":"https:\/\/api.w.org\/{rel}","templated":true}]}}